{"id":936,"date":"2018-04-05T08:12:22","date_gmt":"2018-04-05T08:12:22","guid":{"rendered":"https:\/\/www.senaatti.fi\/yhteiskuntavastuuraportti2019\/?page_id=936"},"modified":"2020-09-10T07:11:24","modified_gmt":"2020-09-10T07:11:24","slug":"raportointiperiaatteet","status":"publish","type":"page","link":"https:\/\/www.senaatti.fi\/yhteiskuntavastuuraportti2019\/gri\/raportointiperiaatteet\/","title":{"rendered":"Raportointiperiaatteet"},"content":{"rendered":"<p>Senaatti-kiinteist\u00f6jen yhteiskuntavastuuraportti on verkkojulkaisu. Raportti kattaa Senaatti-kiinteist\u00f6jen koko toiminnan maantieteellisesti ja toimialoittain. Mukana eiv\u00e4t ole Senaatti-kiinteist\u00f6jen tyt\u00e4ryhti\u00f6t, joiden osuus liikelaitoskonsernista on hyvin pieni.<\/p>\n<p>T\u00e4m\u00e4 on Senaatti-kiinteist\u00f6jen 18. vuosittainen yhteiskuntavastuuraportti. Siin\u00e4 kuvataan Senaatti-kiinteist\u00f6jen toiminnan sosiaaliset, taloudelliset ja ymp\u00e4rist\u00f6vaikutukset tilikaudelta 1.1.\u201331.12.2019 sek\u00e4 Senaatti-kiinteist\u00f6jen strategia ja pysyv\u00e4t johtamisen k\u00e4yt\u00e4nn\u00f6t toiminnan vaikutusten hallitsemiseksi. Lis\u00e4ksi raportti k\u00e4sittelee Senaatti-kiinteist\u00f6jen toimintaymp\u00e4rist\u00f6\u00e4 ja toiminnan tuloksia suhteessa asetettuihin tavoitteisiin. Edellinen yhteiskuntavastuuraportti julkaistiin huhtikuussa 2018.<\/p>\n<p>Raportti on laadittu noudattaen kansainv\u00e4lisen Global Reporting Initiativen (GRI) standardia yritysten yhteiskuntavastuuraportoinnin sis\u00e4ll\u00f6st\u00e4 ja raportointiperiaatteista. Senaatti-kiinteist\u00f6jen vuoden 2019 yhteiskuntavastuun tunnusluvut perustuvat GRI-standardin perustason (core) laajuuteen. Senaatti-kiinteist\u00f6t raportoi soveltuvin osin my\u00f6s GRI:n rakennus- ja kiinteist\u00f6toimialan lis\u00e4ohjeistuksen (Construction and Real Estate sector supplement, CRESS) mukaisesti.<\/p>\n<p>Vuoden 2019 raportoitavat tiedot on varmentanut riippumaton kolmas osapuoli KPMG, joka on suorittanut Senaatin johdon pyynn\u00f6st\u00e4 rajoitetun varmuuden antavan varmennustoimeksiannon.<\/p>\n<p>Varmennuksen kohteena ovat olleet Senaatin yhteiskuntavastuuraportissa 2019 esitetyt numeeriset yhteiskuntavastuun tunnusluvut raportointikaudelta 1.1.-31.12.2019. Tilintarkastuksen piiriin kuuluvaa taloudellista raportointia ei ole varmennettu.<\/p>\n<p>Varmennuksen kohteena oleviin yhteiskuntavastuutietoihin sis\u00e4ltyv\u00e4t seuraavissa yhteiskuntavastuuraportin osioissa esitetyt numeeriset tiedot: Koko vastuullisuusosio ja lis\u00e4ksi yhteiskunnalliset rahavirrat osiossa vuosi 2019 ja S\u00e4\u00e4st\u00f6t osiossa Vuosi 2019 sek\u00e4 asiakkaat ja kumppanit. Raporin case-kuvauksia ei varmenneta.<\/p>\n<p>Varmennuksen kriteerist\u00f6n\u00e4 on ollut GRI-standardi.<\/p>\n<p>&nbsp;<\/p>\n<h2 class=\"p4\"><span class=\"s1\">Taloudellisen vastuun tunnusluvut<\/span><\/h2>\n<p class=\"p3\"><span class=\"s1\">Esitetyt talouden tunnusluvut kattavat liikelaitoksen toiminnan esitetyn laskentarajauksen mukaisesti. Luvut perustuvat kirjanpitoon ja tilinp\u00e4\u00e4t\u00f6kseen, ja ne ovat tilintarkastettuja.<\/span><\/p>\n<h3 class=\"p5\"><span class=\"s1\">Liikevaihto<\/span><\/h3>\n<p class=\"p3\"><span class=\"s1\">Senaatti-kiinteist\u00f6jen kokonaisliikevaihto.<\/span><\/p>\n<h3 class=\"p5\"><span class=\"s1\">Vuokrakate<\/span><\/h3>\n<p class=\"p3\"><span class=\"s1\">Vuokraustoiminnan vuokrakate. Kiinteist\u00f6n tuotot \u2013 kiinteist\u00f6n hoitokulut (sis. yleiskulut)<\/span><\/p>\n<h3 class=\"p5\"><span class=\"s1\">Vuokrakate-% lv:sta<\/span><\/h3>\n<p class=\"p3\"><span class=\"s1\">Vuokraustoiminnan vuokrakate. Vuokrakate\/kiinteist\u00f6n tuotot x 100<\/span><\/p>\n<h3 class=\"p5\"><span class=\"s1\">Liikevoitto<\/span><\/h3>\n<p class=\"p3\"><span class=\"s1\">Liikevaihto + liiketoiminnan muut tuotot \u2013 materiaalit ja palvelut \u2013 henkil\u00f6st\u00f6kulut \u2013 poistot ja arvonalentumiset \u2013 liiketoiminnan muut kulut<\/span><\/p>\n<h3 class=\"p5\"><span class=\"s1\">Liikevoitto-% lv:sta<\/span><\/h3>\n<p class=\"p3\"><span class=\"s1\">Liikevoitto\/liikevaihto x 100<\/span><\/p>\n<h3 class=\"p5\"><span class=\"s1\">Tilikauden tulos<\/span><\/h3>\n<p class=\"p3\"><span class=\"s1\">Liikevaihto + liiketoiminnan muut tuotot \u2013 materiaalit ja palvelut \u2013 henkil\u00f6st\u00f6kulut \u2013 poistot ja arvonalentumiset \u2013 liiketoiminnan muut kulut \u2013 rahoitustuotot ja -kulut \u2013 satunnaiset er\u00e4t \u2013 tuloverot.<\/span><\/p>\n<h3 class=\"p5\"><span class=\"s1\">Tulos-% lv:sta<\/span><\/h3>\n<p class=\"p3\"><span class=\"s1\">Tilikauden tulos\/liikevaihto x 100.<\/span><\/p>\n<h3 class=\"p5\"><span class=\"s1\">Sijoitetun p\u00e4\u00e4omantuotto-%<\/span><\/h3>\n<p class=\"p3\"><span class=\"s1\">(Nettotulos+rahoituskulut+verot )\/ sijoitettu p\u00e4\u00e4oma keskim\u00e4\u00e4rin tilikaudella x 100.<\/span><\/p>\n<h3 class=\"p5\"><span class=\"s1\">Oman p\u00e4\u00e4oman tuotto-%<\/span><\/h3>\n<p class=\"p3\"><span class=\"s1\">Nettotulos \/ oikaistu oma p\u00e4\u00e4oma keskim\u00e4\u00e4rin tilikaudella x 100<\/span><\/p>\n<h3 class=\"p5\"><span class=\"s1\">Omavaraisuusaste, %<\/span><\/h3>\n<p class=\"p3\"><span class=\"s1\">Oikaistu oma p\u00e4\u00e4oma \/ (oikaistun taseen loppusumma \u2013 saadut ennakkomaksut) x 100<\/span><\/p>\n<h3 class=\"p5\"><span class=\"s1\">Korollisen vieraan p\u00e4\u00e4oman takaisinmaksuaika, v.<\/span><\/h3>\n<p class=\"p3\"><span class=\"s1\">Sijoitettu vieras p\u00e4\u00e4oma tilikauden lopussa \/ rahoitustulos<\/span><\/p>\n<h3 class=\"p5\"><span class=\"s1\">Tase<\/span><\/h3>\n<p class=\"p3\"><span class=\"s1\">Taseen loppusumma<\/span><\/p>\n<h3 class=\"p5\"><span class=\"s1\">Investoinnit<\/span><\/h3>\n<p class=\"p3\"><span class=\"s1\">Tilikauden kokonaisinvestoinnit<\/span><\/p>\n<h3 class=\"p5\"><span class=\"s1\">Investoinnit-% lv:sta<\/span><\/h3>\n<p class=\"p3\"><span class=\"s1\">Investoinnit \/ liikevaihto x 100.<\/span><\/p>\n<h3 class=\"p5\"><span class=\"s1\">Henkil\u00f6st\u00f6<\/span><\/h3>\n<p class=\"p3\"><span class=\"s1\">Henkil\u00f6st\u00f6n lukum\u00e4\u00e4r\u00e4 ko. ajanjakson lopussa<\/span><\/p>\n<h2 class=\"p4\"><span class=\"s1\">Sosiaalisen vastuun tunnusluvut<\/span><\/h2>\n<p class=\"p2\"><span class=\"s1\">Esitetyt sosiaalisen vastuun tunnusluvut kattavat liikelaitoksen toiminnan esitetyn laskentarajauksen mukaisesti. Henkil\u00f6st\u00f6tunnuslukujen laskentaa ohjaa my\u00f6s kirjanpitolautakunnan yleisohje toimintakertomuksessa ilmoitettavien henkil\u00f6st\u00f6tunnuslukujen laskemisesta.<\/span><\/p>\n<p class=\"p2\"><span class=\"s1\">Tapaturmataajuuden laskennassa huomioidaan tapaturmat, jotka ovat johtaneet v\u00e4hint\u00e4\u00e4n yhden p\u00e4iv\u00e4n sairauspoissaoloon. Tapaturmataajuuden laskemisessa k\u00e4ytetty \u2018ty\u00f6aika ty\u00f6tunteina\u2019 on kokoaikaisten ty\u00f6ntekij\u00f6iden sek\u00e4 s\u00e4\u00e4nn\u00f6llist\u00e4 osa-aikaista ty\u00f6t\u00e4 tekevien ty\u00f6ntekij\u00f6iden ty\u00f6tuntien yhteism\u00e4\u00e4r\u00e4 vuodessa. Niiden osa-aikaisten, joiden ty\u00f6aika on ep\u00e4s\u00e4\u00e4nn\u00f6llist\u00e4 tuntity\u00f6t\u00e4 esimerkiksi opintojen ohella, ty\u00f6aikaa ei ole huomioitu.<\/span><\/p>\n<p class=\"p2\"><span class=\"s1\">Sairauspoissaoloprosentin laskemisessa sairausp\u00e4iv\u00e4ll\u00e4 tarkoitetaan KILA:n yleisohjeen mukaisesti poissaoloa, jonka aiheuttaa ty\u00f6ntekij\u00e4n sairastuminen tai tapaturma tai ty\u00f6ntekij\u00e4n lapsen sairastuminen. Sairauspoissaolop\u00e4ivien lukum\u00e4\u00e4r\u00e4 m\u00e4\u00e4ritet\u00e4\u00e4n suhteessa teoreettiseen s\u00e4\u00e4nn\u00f6lliseen ty\u00f6aikaan, jota laskettaessa on huomioitu kokoaikaiset sek\u00e4 s\u00e4\u00e4nn\u00f6llist\u00e4 osa-aikaty\u00f6t\u00e4 tekev\u00e4t, mutta ei ep\u00e4s\u00e4\u00e4nn\u00f6llist\u00e4 tuntity\u00f6t\u00e4 tekevien ty\u00f6aikaa.<\/span><\/p>\n<p class=\"p2\"><span class=\"s1\">Senaatti-kiinteist\u00f6jen henkil\u00f6st\u00f6n ty\u00f6tyytyv\u00e4isyys ja esimiehisyyden taso perustuvat vuosittain teht\u00e4v\u00e4\u00e4n henkil\u00f6st\u00f6tutkimukseen. Ty\u00f6hyvinvointi-indeksi lasketaan People Power-tutkimuksesta. Indeksi perustuu kysymysryhmiin ty\u00f6m\u00e4\u00e4r\u00e4, ty\u00f6ss\u00e4jaksaminen, yhteishenki ty\u00f6ryhm\u00e4ss\u00e4, tieto ty\u00f6n tuloksista ja esimiehen luomat edellytykset ty\u00f6ss\u00e4 onnistumiseen (asteikko 0-100). Esimiehisyyden taso lasketaan r\u00e4\u00e4t\u00e4l\u00f6idyist\u00e4 kysymyksist\u00e4, joissa kartoitetaan mm. esimiehen aikaa alaiselle, esimiehen antamaa palautetta ja kehittymistavoitteiden tukemista (asteikko 1-5). Henkil\u00f6st\u00f6tutkimuksen toteuttaa Corporate Spirit Oy, jolta saadaan my\u00f6s tieto vertailuyritysten ty\u00f6tyytyv\u00e4isyydest\u00e4. Vertailuaineisto on poimittu noin 300.000 vastaajan aineistosta.<\/span><\/p>\n<p class=\"p2\"><span class=\"s1\">P\u00e4\u00e4tt\u00e4j\u00e4tyytyv\u00e4isyyskyselyn on suorittanut vuonna 2019 KTI-kiinteist\u00f6tieto. Senaatti-kiinteist\u00f6t valitsee vastaajatahot p\u00e4\u00e4tt\u00e4j\u00e4tyytyv\u00e4isyyskyselyyn. Kyselyn raakadata on mukana my\u00f6s KTI:n asiakastyytyv\u00e4isyysvertailussa, josta saadaan toimialan vertailutietoa asiakastyytyv\u00e4isyyden kehityksest\u00e4.<\/span><\/p>\n<p class=\"p3\"><span class=\"s1\">Asiakastyytyv\u00e4isyyskyselyn vastaukset k\u00e4sittelee Senso Research. Senaatti-kiinteist\u00f6t valitsee vuosittain kultakin alueelta kohteet, joiden k\u00e4ytt\u00e4jille l\u00e4hetet\u00e4\u00e4n k\u00e4ytt\u00e4j\u00e4tyytyv\u00e4isyyskysely. Kysely toimitetaan kohteen yhteyshenkil\u00f6lle, joka v\u00e4litt\u00e4\u00e4 sen edelleen k\u00e4ytt\u00e4jille. Vastaukset ker\u00e4t\u00e4\u00e4n p\u00e4\u00e4asiassa verkkokyselyn\u00e4.<\/span><\/p>\n<h2 class=\"p4\"><span class=\"s1\">Ymp\u00e4rist\u00f6vastuun tunnusluvut\u00a0\u00a0\u00a0\u00a0\u00a0\u00a0\u00a0\u00a0\u00a0\u00a0<\/span><span class=\"s2\">\u00a0\u00a0\u00a0\u00a0\u00a0<\/span><\/h2>\n<p class=\"p2\"><span class=\"s1\">Raportissa esitetyt ymp\u00e4rist\u00f6vastuun tunnusluvut kattavat Senaatti-kiinteist\u00f6jen toiminnan laskentarajauksen mukaisesti. Ymp\u00e4rist\u00f6tietoja on esitetty rajausta laajemmin silloin, kun Senaatti-kiinteist\u00f6jen on katsottu voivan vaikuttaa niihin. Ymp\u00e4rist\u00f6vastuun tunnuslukujen raportoinnissa sovelletaan GRI-standardin ohjeistusta vastuullisuusraportoinnista sek\u00e4 kiinteist\u00f6- ja rakennusalaa koskevaa sektorikohtaista ohjeistusta Construction and Real Estate Sector Supplement (CRESS). Energian- ja vedenkulutuksen sek\u00e4 p\u00e4\u00e4st\u00f6jen raportoinnissa ei sovelleta CRESS \u2013 ohjeistuksen suosittelemaa kiinteist\u00f6kannan segmentointia, koska Senaatin kiinteist\u00f6kannan laajuus ja monimuotoisuus huomioiden mielek\u00e4st\u00e4 segmentointiperustetta ei ole mahdollista m\u00e4\u00e4ritt\u00e4\u00e4.<\/span><\/p>\n<p class=\"p2\"><span class=\"s1\">P\u00e4\u00e4omavuokrakohteista on energian- ja vedenkulutuksen laskennassa huomioitu Puolustushallinto (PH) ja Rikosseuraamuslaitos (RISE), joiden k\u00e4yt\u00f6ss\u00e4 oleva kiinteist\u00f6kanta muodostaa huomattavimman osan p\u00e4\u00e4omavuokralla olevista kiinteist\u00f6ist\u00e4. Tiedonkeruun ja raportoinnin kehittyess\u00e4 vuosittain on raportoitavien tunnuslukujen vertailtavuutta eri vuosien v\u00e4lill\u00e4 pyritty parantamaan Senaatti-kiinteist\u00f6jen kiinteist\u00f6kannassa tapahtuvat vaihtelut huomioiden. Raportissa pyrit\u00e4\u00e4n esitt\u00e4m\u00e4\u00e4n Senaatti-kiinteist\u00f6jen toiminnan kannalta olennaisimmat ymp\u00e4rist\u00f6vastuun osa-alueet ja n\u00e4it\u00e4 parhaiten kuvaavimmat tunnusluvut. L\u00e4ht\u00f6tietojen ker\u00e4yksess\u00e4 ei ole mahdollista kattaa koko Senaatti-kiinteist\u00f6jen kiinteist\u00f6kantaa, t\u00e4m\u00e4n vuoksi l\u00e4ht\u00f6tietojen keruu toteutetaan rajatulla otoksella ja tunnusluvut suhteutetaan pinta-alatietoihin (brutto- ja huoneistoala) ja niit\u00e4 on mahdollista verrata asetettuihin tavoitetasoihin.<\/span><\/p>\n<p class=\"p2\"><span class=\"s1\">Raportin laskentarajojen mukainen Senaatti-kiinteist\u00f6jen kiinteist\u00f6kanta muodostuu seuraavasti:<\/span><\/p>\n<p class=\"p2\"><span class=\"s1\">1. Senaatti-kiinteist\u00f6jen yll\u00e4pit\u00e4m\u00e4t kohteet:<\/span><\/p>\n<p class=\"p2\"><span class=\"s1\">Virallisen seurannan kohteet:<\/span><\/p>\n<ul class=\"ul1\">\n<li class=\"li6\"><span class=\"s4\">Vuonna 2019 virallisen seurannan kohteet kattoivat\u00a050 % kaikkien Senaatin yll\u00e4pit\u00e4mien kohteiden bruttopinta-alasta.<\/span><\/li>\n<li class=\"li6\"><span class=\"s4\">Granlund Manager (GM) \u2013tiedonhallintasovellus seuraa kohteiden s\u00e4hk\u00f6n-, kaukol\u00e4mm\u00f6n ja -kylm\u00e4n sek\u00e4 vedenkulutusta reaaliajassa.<\/span><\/li>\n<\/ul>\n<p class=\"p2\"><span class=\"s1\">Muut Senaatti-kiinteist\u00f6jen yll\u00e4pit\u00e4m\u00e4t kohteet:<\/span><\/p>\n<ul class=\"ul1\">\n<li class=\"li7\"><span class=\"s4\">Vuonna 2019 muut kiinteist\u00f6t kattoivat\u00a050 %\u00a0Senaatin yll\u00e4pit\u00e4mien kohteiden bruttoalasta.<\/span><\/li>\n<li class=\"li6\"><span class=\"s4\">Eiv\u00e4t virallisessa seurannassa, ker\u00e4tyt tiedot lavennetaan perustuen virallisen seurannan kulutustietoihin ja bruttopinta-alaan.<\/span><\/li>\n<\/ul>\n<p class=\"p2\"><span class=\"s1\">2. P\u00e4\u00e4omavuokrakohteet:<\/span><\/p>\n<ul class=\"ul1\">\n<li class=\"li8\"><span class=\"s4\">Ei Senaatti-kiinteist\u00f6jen yll\u00e4pit\u00e4m\u00e4t, Puolustushallinnon ja Rikosseuraamuslaitoksen k\u00e4yt\u00f6ss\u00e4 olevat kiinteist\u00f6t<\/span><\/li>\n<\/ul>\n<p class=\"p2\"><span class=\"s1\">Puolustushallinto toimittaa itse ker\u00e4\u00e4m\u00e4ns\u00e4 s\u00e4hk\u00f6n-, kaukol\u00e4mm\u00f6n- ja vedenkulutukset sek\u00e4 aluevoimalaitosten polttoainekulutuksen tiedot. Rikosseuraamuslaitoksen k\u00e4yt\u00f6ss\u00e4 olevia kiinteist\u00f6j\u00e4 koskeva laskenta perustuu kulutusseurannassa olevien vastaavien kiinteist\u00f6jen ominaiskulutuksiin ja bruttopinta-aloihin.<\/span><\/p>\n<p class=\"p3\"><span class=\"s1\">Laskennassa on k\u00e4ytetty aina tarkimpia l\u00e4ht\u00f6tietoina saatuja lukuja, joita raportin kuvaajiin ja teksteihin on py\u00f6ristetty lukemisen helpottamiseksi.<\/span><\/p>\n<h2 class=\"p4\"><span class=\"s1\">Muutokset raportoinnin laajuudessa<\/span><\/h2>\n<p class=\"p2\"><span class=\"s1\">Vuonna 2019 Rajavartiolaitoksen kohteet siirrettiin p\u00e4\u00e4omavuokrakohteista kokonaisvuokrakohteisiin energian- ja vedenkulutuksen osalta, Rajavartiolaitoksen siirrytty\u00e4 kokonaisvuokramalliin.<\/span><\/p>\n<p class=\"p2\"><span class=\"s1\">Raportoitavien indikaattorien oleellisuutta arvioitaessa typenoksidi- (NOx), rikkidioksidi- (SO\u2082) ja hiukkasp\u00e4\u00e4st\u00f6jen raportoinnista on luovuttu vuonna 2017. N\u00e4iden p\u00e4\u00e4st\u00f6jen raportoinnin poisj\u00e4tt\u00e4miseen vaikutti my\u00f6s luotettavien l\u00e4ht\u00f6tietojen puute.<\/span><\/p>\n<h3 class=\"p2\"><span class=\"s1\">S\u00e4hk\u00f6n ja l\u00e4mm\u00f6n ominaiskulutus<\/span><\/h3>\n<p class=\"p2\"><span class=\"s1\">Raportoitu l\u00e4mp\u00f6energian ominaiskulutus on s\u00e4\u00e4korjattu (normitettu Jyv\u00e4skyl\u00e4) l\u00e4mmitystarveluvulla normaalivuoteen. Laskennassa k\u00e4ytett\u00e4v\u00e4t paikkakuntakohtaiset l\u00e4mmitystarveluvut julkaisee vuosittain Ilmatieteen laitos.<\/span><\/p>\n<h3 class=\"p2\"><span class=\"s1\">Kokonaisenergiankulutus<\/span><\/h3>\n<p class=\"p2\"><span class=\"s1\">Raportoitu kokonaisenergiankulutus kuvataan GRI-standardin suosituksen mukaan jaettuna suoraan ja ep\u00e4suoraan energiankulutukseen.<\/span><\/p>\n<p class=\"p2\"><span class=\"s1\">Senaatti-kiinteist\u00f6jen suora energiankulutus muodostuu aluel\u00e4mp\u00f6laitosten l\u00e4mm\u00f6ntuotannosta, joissa tuotettu l\u00e4mp\u00f6energia k\u00e4ytet\u00e4\u00e4n kokonaan rakennusten l\u00e4mmitt\u00e4miseen eik\u00e4 energiaa myyd\u00e4 eteenp\u00e4in. Vuonna 2019 Senaatti-kiinteist\u00f6t omisti ja hallinnoi aluel\u00e4mp\u00f6laitoksia, joissa tuotettiin l\u00e4mp\u00f6\u00e4 \u00f6ljyll\u00e4, maakaasulla ja pelletill\u00e4. <\/span><\/p>\n<p class=\"p2\"><span class=\"s1\">Ep\u00e4suora energiankulutus koostuu ostetusta s\u00e4hk\u00f6st\u00e4, kaukol\u00e4mm\u00f6st\u00e4 ja kaukokylm\u00e4st\u00e4. My\u00f6s rakentamisen energiankulutus lasketaan mukaan ep\u00e4suoraan energiankulutukseen. <\/span><\/p>\n<h3 class=\"p2\"><span class=\"s1\">Vesi<\/span><\/h3>\n<p class=\"p2\"><span class=\"s1\">Senaatti-kiinteist\u00f6jen yll\u00e4pit\u00e4m\u00e4n kiinteist\u00f6kannan vedenkulutus lasketaan kertomalla toteutunut veden ominaiskulutus Senaatti-kiinteist\u00f6jen yll\u00e4pit\u00e4mien kohteiden bruttoneli\u00f6m\u00e4\u00e4r\u00e4ll\u00e4. Senaatti-kiinteist\u00f6jen kokonaisvedenkulutus lasketaan lis\u00e4\u00e4m\u00e4ll\u00e4 edelliseen p\u00e4\u00e4omavuokrakohteiden vedenkulutus asiakkaan itse toimittamien tietojen perusteella tai kertomalla p\u00e4\u00e4omavuokrakohteiden bruttopinta-ala kulutusseurannassa olevien vastaavien kohteiden ominaiskulutuksella.<\/span><\/p>\n<h3 class=\"p2\"><span class=\"s1\">P\u00e4\u00e4st\u00f6t ilmaan<\/span><\/h3>\n<p class=\"p2\"><span class=\"s1\">Senaatti-kiinteist\u00f6jen hiilidioksidip\u00e4\u00e4st\u00f6laskenta on toteutettu s\u00e4hk\u00f6nkulutuksen osalta markkinaperusteisesti ja kaukoj\u00e4\u00e4hdytyksen osalta sijaintiperusteisesti. Kaukol\u00e4mm\u00f6n osalta hiilidioksidip\u00e4\u00e4st\u00f6laskenta on toteutettu sijaintiperusteisesti muuten, paitsi p\u00e4\u00e4kaupunkiseudulla ostetun uusiutuvan kaukol\u00e4mm\u00f6n osalta, jolloin laskenta on toteutettu markkinaperusteisesti. Vuonna\u00a02019 Senaatti-kiinteist\u00f6t hankki 99 %\u00a0kaukol\u00e4mm\u00f6st\u00e4\u00e4n p\u00e4\u00e4kaupunkiseudulla uusiutuvalla energialla tuotettuna. Kyseess\u00e4 on tietoinen ilmaston\u00e4k\u00f6kulmasta tehty valinta ja t\u00e4m\u00e4n haluttiin n\u00e4kyv\u00e4n my\u00f6s hiilidioksidip\u00e4\u00e4st\u00f6laskennassa. Laskenta kuvaa olemassa oleviin l\u00e4ht\u00f6tietoihin perustuen mahdollisimman todenmukaista tilannetta. GRI-standardin m\u00e4\u00e4rittelem\u00e4\u00e4n puhtaasti markkinaperusteiseen p\u00e4\u00e4st\u00f6laskentaan tarvittavia kaikkien Senaatti-kiinteist\u00f6jen kaukol\u00e4mm\u00f6n tuottajien p\u00e4\u00e4st\u00f6kertoimia ei ole saatavilla.<\/span><\/p>\n<p class=\"p2\"><span class=\"s1\">Senaatti-kiinteist\u00f6jen kasvihuonekaasup\u00e4\u00e4st\u00f6ist\u00e4 selke\u00e4sti merkitt\u00e4vin on hiilidioksidip\u00e4\u00e4st\u00f6t. Raportoinnin ulkopuolelle on siten rajattu seuraavat kasvihuonekaasup\u00e4\u00e4st\u00f6t: CH\u2084, N\u2082O, HFCs, PFCs, SF<\/span><span class=\"s7\"><sub>6<\/sub><\/span><span class=\"s1\"> ja NF\u2083. Senaatti-kiinteist\u00f6jen hiilidioksidip\u00e4\u00e4st\u00f6t raportoidaan ja lasketaan GRI-standardin ohjeistuksen mukaisesti<span class=\"Apple-converted-space\">\u00a0 <\/span>Greenhouse Gas Protocol -standardin (GHG Protocol) m\u00e4\u00e4rittelem\u00e4ll\u00e4 tavalla. Hiilidioksidip\u00e4\u00e4st\u00f6t jaetaan suoriin (Scope 1), ep\u00e4suoriin (Scope 2) ja muihin ep\u00e4suoriin (Scope 3) p\u00e4\u00e4st\u00f6ihin. Koska raportointi kattaa pelk\u00e4st\u00e4\u00e4n hiilidioksidip\u00e4\u00e4st\u00f6t, kasvihuonekaasup\u00e4\u00e4st\u00f6jen yhteismitallistamiselle GWP-arvojen avulla ei ole tarvetta ja siksi kasvihuonekaasup\u00e4\u00e4st\u00f6t raportoidaan yksik\u00f6ss\u00e4 CO\u2082yksik\u00f6n CO\u2082e sijaan.<\/span><\/p>\n<p class=\"p2\"><span class=\"s1\">Suorat p\u00e4\u00e4st\u00f6t (Scope 1) sis\u00e4lt\u00e4v\u00e4t Senaatti-kiinteist\u00f6jen yll\u00e4pit\u00e4mien aluel\u00e4mp\u00f6laitosten hiilidioksidip\u00e4\u00e4st\u00f6t. Ep\u00e4suorat p\u00e4\u00e4st\u00f6t (Scope 2) sis\u00e4lt\u00e4v\u00e4t Senaatti-kiinteist\u00f6jen yll\u00e4pit\u00e4miin kiinteist\u00f6ihin ostetun energian (l\u00e4mp\u00f6, s\u00e4hk\u00f6 ja kylm\u00e4) tuotannosta aiheutuvat hiilidioksidip\u00e4\u00e4st\u00f6t. Muut ep\u00e4suorat p\u00e4\u00e4st\u00f6t (Scope 3) sis\u00e4lt\u00e4v\u00e4t Senaatti-kiinteist\u00f6jen p\u00e4\u00e4omavuokrakohteisiin ostetun energian tuotannosta, rakennusty\u00f6mailla kulutetun energian tuotannosta sek\u00e4 Senaatti-kiinteist\u00f6jen henkil\u00f6st\u00f6n ty\u00f6matkustamisesta aiheutuneet p\u00e4\u00e4st\u00f6t.<\/span><\/p>\n<p class=\"p2\"><span class=\"s1\">Alueellisten l\u00e4mp\u00f6laitosten hiilidioksidip\u00e4\u00e4st\u00f6jen arviot perustuvat polttoainekohtaisiin ominaisp\u00e4\u00e4st\u00f6ihin sek\u00e4 vastaavan kokoluokan l\u00e4mmityslaitosten tehokkuuteen. L\u00e4mp\u00f6laitosten mahdolliset saneeraukset eiv\u00e4t n\u00e4y p\u00e4\u00e4st\u00f6laskennassa, koska niist\u00e4 ei ole saatavilla koottua tietoa. Kuitenkin prim\u00e4\u00e4ripolttoaineen kulutuksen muutokset ja polttoaineen vaihdokset huomioidaan laskennassa. Vuoden 2019 p\u00e4\u00e4st\u00f6laskennassa k\u00e4ytettiin Tilastokeskuksen polttoaineluokituksen mukaisia p\u00e4\u00e4st\u00f6kertoimia (taulukko 1).<\/span><\/p>\n<p class=\"p2\"><span class=\"s1\">Senaatti-kiinteist\u00f6jen yll\u00e4pit\u00e4mien kohteiden hiilidioksidip\u00e4\u00e4st\u00f6jen laskenta perustuu energiankulutuksen seurantaan sek\u00e4 tietoon k\u00e4ytetyist\u00e4 energial\u00e4hteist\u00e4, joiden mukaan laskennassa k\u00e4ytett\u00e4v\u00e4t p\u00e4\u00e4st\u00f6kertoimet m\u00e4\u00e4r\u00e4ytyv\u00e4t. Vuoden 2019 laskennassa k\u00e4ytettiin taulukossa 2 esitettyj\u00e4 kertoimia. S\u00e4hk\u00f6ntuotannon p\u00e4\u00e4st\u00f6jen laskenta perustuu Senaatti-kiinteist\u00f6jen s\u00e4hk\u00f6nhankinnasta vastaavan Hansel Oy:n hiilidioksidin p\u00e4\u00e4st\u00f6kertoimeen. Hansel Oy toimittaa s\u00e4hk\u00f6n Senaatti-kiinteist\u00f6jen yll\u00e4pit\u00e4miin kohteisiin ja p\u00e4\u00e4omavuokrakohteisiin ja vuonna 2019 s\u00e4hk\u00f6 oli 100 % uusiutuvilla tuotettua. Kaukol\u00e4mm\u00f6n osalta perusteena on Suomen kaukol\u00e4mm\u00f6ntuotannon keskiarvoiset p\u00e4\u00e4st\u00f6kertoimet sijaintiperusteisesti yhteistuotannon ja erillistuotannon paikkakunnille. Poikkeuksena kuitenkin p\u00e4\u00e4kaupunkiseutu, jossa 99 % ostetusta kaukol\u00e4mm\u00f6st\u00e4 tuotettiin uusiutuvalla energialla ja t\u00e4m\u00e4n kulutuksen osalta laskenta on suoritettu hy\u00f6dynt\u00e4en palvelutuottajien (Helen, Vantaan Energia ja Fortum) p\u00e4\u00e4st\u00f6kertoimia. P\u00e4\u00e4omavuokralaisten raportoitu aluel\u00e4mm\u00f6nkulutus perustuu mitattuun energiakulutukseen, ei prim\u00e4\u00e4rienergiaan. Tarkistus t\u00e4h\u00e4n on tehty takautuvasti my\u00f6s vuosille 2016 ja 2017, mink\u00e4 vuoksi luvut eroavat aiempina vuosina ilmoitetusta prim\u00e4\u00e4rienergiasta.<\/span><\/p>\n<p class=\"p2\"><span class=\"s1\">Rakentamisen ja ty\u00f6matkustuksen aiheuttamien hiilidioksidip\u00e4\u00e4st\u00f6jen laskentaa kuvataan vastaavien otsikoiden alla edemp\u00e4n\u00e4 raportointi- ja laskentaperusteissa.<\/span><\/p>\n<p>&nbsp;<\/p>\n<p class=\"p2\"><span class=\"s1\">Taulukko 1. P\u00e4\u00e4st\u00f6kertoimet 2019 \u2013 Scope 1<\/span><\/p>\n<table class=\"senaatti-table senaatti-table--striped senaatti-table--overflow-scroll\" style=\"width: 100%;\">\n<tbody>\n<tr>\n<td class=\"td1\" style=\"width: 40.7805%;\"><\/td>\n<td class=\"td2\" style=\"width: 23.1583%;\">\n<p class=\"p10\"><strong><span class=\"s1\">P\u00e4\u00e4st\u00f6kerroin<\/span><\/strong><\/p>\n<\/td>\n<td class=\"td3\" style=\"width: 14.5404%;\">\n<p class=\"p10\"><strong><span class=\"s1\">Yksikk\u00f6<\/span><\/strong><\/p>\n<\/td>\n<td class=\"td4\" style=\"width: 21.3773%;\">\n<p class=\"p10\"><strong><span class=\"s1\">L\u00e4hde<\/span><\/strong><\/p>\n<\/td>\n<\/tr>\n<tr>\n<td class=\"td5\" style=\"width: 40.7805%;\">\n<p class=\"p10\"><span class=\"s1\">Aluel\u00e4mp\u00f6, kevytpoltto\u00f6ljy<\/span><\/p>\n<\/td>\n<td class=\"td6\" style=\"width: 23.1583%;\">\n<p class=\"p10\"><span class=\"s1\">263<\/span><\/p>\n<\/td>\n<td class=\"td7\" style=\"width: 14.5404%;\">\n<p class=\"p10\"><span class=\"s1\">kgCO<\/span><span class=\"s8\"><sub>2<\/sub><\/span><span class=\"s1\">\/ MWh<\/span><\/p>\n<\/td>\n<td class=\"td8\" style=\"width: 21.3773%;\">\n<p class=\"p10\"><span class=\"s1\">Tilastokeskus<\/span><\/p>\n<\/td>\n<\/tr>\n<tr>\n<td class=\"td9\" style=\"width: 40.7805%;\">\n<p class=\"p10\"><span class=\"s1\">Aluel\u00e4mp\u00f6, maakaasu<\/span><\/p>\n<\/td>\n<td class=\"td10\" style=\"width: 23.1583%;\">\n<p class=\"p10\"><span class=\"s1\">201<\/span><\/p>\n<\/td>\n<td class=\"td11\" style=\"width: 14.5404%;\">\n<p class=\"p10\"><span class=\"s1\">kgCO<\/span><span class=\"s8\"><sub>2<\/sub><\/span><span class=\"s1\">\/ MWh<\/span><\/p>\n<\/td>\n<td class=\"td12\" style=\"width: 21.3773%;\">\n<p class=\"p10\"><span class=\"s1\">Tilastokeskus<\/span><\/p>\n<\/td>\n<\/tr>\n<tr>\n<td class=\"td5\" style=\"width: 40.7805%;\">\n<p class=\"p10\"><span class=\"s1\">Aluel\u00e4mp\u00f6, hake ja pelletit<\/span><\/p>\n<\/td>\n<td class=\"td6\" style=\"width: 23.1583%;\">\n<p class=\"p10\"><span class=\"s1\">0<\/span><\/p>\n<\/td>\n<td class=\"td7\" style=\"width: 14.5404%;\">\n<p class=\"p10\"><span class=\"s1\">kgCO<\/span><span class=\"s8\"><sub>2<\/sub><\/span><span class=\"s1\">\/ MWh<\/span><\/p>\n<\/td>\n<td class=\"td8\" style=\"width: 21.3773%;\">\n<p class=\"p10\"><span class=\"s1\">Tilastokeskus<\/span><\/p>\n<\/td>\n<\/tr>\n<\/tbody>\n<\/table>\n<p>&nbsp;<\/p>\n<p class=\"p2\"><span class=\"s1\">Taulukko 2. P\u00e4\u00e4st\u00f6kertoimet 2019 \u2013 Scope 2<\/span><\/p>\n<table class=\"senaatti-table senaatti-table--striped senaatti-table--overflow-scroll\" style=\"height: 245px;\">\n<tbody>\n<tr style=\"height: 33px;\">\n<td class=\"td13\" style=\"height: 33px; width: 288px;\"><\/td>\n<td class=\"td14\" style=\"height: 33px; width: 165px;\">\n<p class=\"p10\"><strong><span class=\"s1\">P\u00e4\u00e4st\u00f6kerroin<\/span><\/strong><\/p>\n<\/td>\n<td class=\"td15\" style=\"height: 33px; width: 91px;\">\n<p class=\"p10\"><strong><span class=\"s1\">Yksikk\u00f6<\/span><\/strong><\/p>\n<\/td>\n<td class=\"td16\" style=\"height: 33px; width: 152px;\">\n<p class=\"p10\"><strong><span class=\"s1\">L\u00e4hde<\/span><\/strong><\/p>\n<\/td>\n<\/tr>\n<tr style=\"height: 53px;\">\n<td class=\"td17\" style=\"height: 53px; width: 288px;\">\n<p class=\"p10\"><span class=\"s1\">Hansel ostos\u00e4hk\u00f6<\/span><\/p>\n<\/td>\n<td class=\"td18\" style=\"height: 53px; width: 165px;\">\n<p class=\"p10\"><span class=\"s1\">0<\/span><\/p>\n<\/td>\n<td class=\"td19\" style=\"height: 53px; width: 91px;\">\n<p class=\"p10\"><span class=\"s1\">kgCO<\/span><span class=\"s8\"><sub>2<\/sub><\/span><span class=\"s1\">\/ MWh<\/span><\/p>\n<\/td>\n<td class=\"td20\" style=\"height: 53px; width: 152px;\">\n<p class=\"p10\"><span class=\"s1\">Hansel<\/span><\/p>\n<\/td>\n<\/tr>\n<tr style=\"height: 53px;\">\n<td class=\"td21\" style=\"height: 53px; width: 288px;\">\n<p class=\"p10\"><span class=\"s1\">Kaukol\u00e4mp\u00f6, Suomen keskiarvo (yhteistuotanto)<\/span><\/p>\n<\/td>\n<td class=\"td22\" style=\"height: 53px; width: 165px;\">\n<p class=\"p10\"><span class=\"s1\">164<\/span><\/p>\n<\/td>\n<td class=\"td23\" style=\"height: 53px; width: 91px;\">\n<p class=\"p10\"><span class=\"s1\">kgCO<\/span><span class=\"s8\"><sub>2<\/sub><\/span><span class=\"s1\">\/ MWh<\/span><\/p>\n<\/td>\n<td class=\"td24\" style=\"height: 53px; width: 152px;\">\n<p class=\"p10\"><span class=\"s1\">Motiva<\/span><\/p>\n<\/td>\n<\/tr>\n<tr style=\"height: 53px;\">\n<td class=\"td17\" style=\"height: 53px; width: 288px;\">\n<p class=\"p10\"><span class=\"s1\">Kaukol\u00e4mp\u00f6 (uusiutuva Helen, Fortum ja Vantaan Energia)<\/span><\/p>\n<\/td>\n<td class=\"td18\" style=\"height: 53px; width: 165px;\">\n<p class=\"p10\"><span class=\"s1\">0<\/span><\/p>\n<\/td>\n<td class=\"td19\" style=\"height: 53px; width: 91px;\">\n<p class=\"p10\"><span class=\"s1\">kgCO<\/span><span class=\"s9\"><sub>2<\/sub><\/span><span class=\"s1\">\/ MWh<\/span><\/p>\n<\/td>\n<td class=\"td20\" style=\"height: 53px; width: 152px;\">\n<p class=\"p10\"><span class=\"s1\">Helen, Fortum ja Vantaan Energia<\/span><\/p>\n<\/td>\n<\/tr>\n<tr style=\"height: 53px;\">\n<td class=\"td21\" style=\"height: 53px; width: 288px;\">\n<p class=\"p10\"><span class=\"s1\">Kaukol\u00e4mp\u00f6 (erillistuotanto)<\/span><\/p>\n<\/td>\n<td class=\"td22\" style=\"height: 53px; width: 165px;\">\n<p class=\"p10\"><span class=\"s1\">20-450 riippuen paikkakunnasta<\/span><\/p>\n<\/td>\n<td class=\"td23\" style=\"height: 53px; width: 91px;\">\n<p class=\"p10\"><span class=\"s1\">kgCO<\/span><span class=\"s8\"><sub>2<\/sub><\/span><span class=\"s1\">\/ MWh<\/span><\/p>\n<\/td>\n<td class=\"td24\" style=\"height: 53px; width: 152px;\">\n<p class=\"p10\"><span class=\"s1\">Motiva<\/span><\/p>\n<\/td>\n<\/tr>\n<\/tbody>\n<\/table>\n<h3 class=\"p2\"><span class=\"s1\">Rakentamisen ymp\u00e4rist\u00f6vaikutukset<\/span><\/h3>\n<p class=\"p2\"><span class=\"s1\">Senaatti-kiinteist\u00f6jen rakennushankkeiden tiedonkeruusta vastaa Ramboll Finland Oy, joka yll\u00e4pit\u00e4\u00e4 ty\u00f6maiden kvartaaliraportointitiedoista koostuvaa tietokantaa. Tiedonkeruussa ovat mukana yli 1 M \u20ac uudis- ja peruskorjaushankkeet. Vuoden 2019 seuranta poikkesi aiemmista vuosista siten, ett\u00e4 raportoinnin laajuus oli kattavampi ja uudis-, peruskorjaus- ja tilamuutoshankkeiden lukum\u00e4\u00e4r\u00e4 oli suurempi. <\/span><\/p>\n<p class=\"p2\"><span class=\"s1\">Ty\u00f6maat toimittavat kvartaaleittain tiedot ty\u00f6maan energian- ja vedenkulutuksesta, syntyneist\u00e4 j\u00e4tteist\u00e4 ja niiden hy\u00f6tyk\u00e4ytt\u00f6asteista sek\u00e4 TR -mittausten tuloksista, tapahtuneista ty\u00f6tapaturmista ja \u201dl\u00e4helt\u00e4 piti\u201d -tilanteista.<\/span><\/p>\n<p class=\"p2\"><span class=\"s1\">Rakennushankkeiden j\u00e4tejaekohtaiset m\u00e4\u00e4r\u00e4t, kokonaism\u00e4\u00e4r\u00e4 ja jatkok\u00e4sittely perustuvat suoraan ty\u00f6maiden vuoden aikana raportoimiin arvoihin.<\/span><\/p>\n<p class=\"p2\"><span class=\"s1\">Raportoidut rakentamisen energian- ja vedenkulutuksen arvot perustuvat ty\u00f6maiden kvartaaleittain ilmoittamiin kulutustietoihin, jotka perustuvat mittarilukemaan, laskutustietoon tai ty\u00f6maahenkil\u00f6kunnan arvioon. Energiankulutuksen osalta ker\u00e4tt\u00e4v\u00e4 tieto on jaoteltu s\u00e4hk\u00f6n (158 kg\/MWh), kaukol\u00e4mm\u00f6n (164 kg\/MWh), poltto\u00f6ljyn (270,42 kg\/MWh), nestekaasun (200,88 kg\/MWh) sek\u00e4 ty\u00f6koneiden polttoaineiden (834,22 kg\/MWh) kulutuksiin, joidenp\u00e4\u00e4st\u00f6kertoimet on esitetty suluissa.<\/span><\/p>\n<p class=\"p2\"><span class=\"s1\">Rakentamisen laskennalliset hiilidioksidip\u00e4\u00e4st\u00f6t sis\u00e4lt\u00e4v\u00e4t ty\u00f6maalla kulutetun ostoenergian ja suoran polttoaineiden kulutuksen. Energiankulutuksen osalta laskenta perustuu taulukossa 2 esitettyihin Suomen s\u00e4hk\u00f6n- ja kaukol\u00e4mm\u00f6n keskiarvoisiin p\u00e4\u00e4st\u00f6kertoimiin.<\/span><\/p>\n<h3 class=\"p2\"><span class=\"s1\">J\u00e4teraportointi<\/span><\/h3>\n<p class=\"p2\"><span class=\"s1\">Senaatti-kiinteist\u00f6jen yll\u00e4pit\u00e4mien kohteiden j\u00e4teraportointi perustuu maantieteellisilt\u00e4 alueilta koottuihin j\u00e4teurakoitsijoiden raportoimiin j\u00e4tetietoihin sek\u00e4 Senaatin yll\u00e4pit\u00e4mien kohteiden huoneistoalaan. N\u00e4iden tietojen perusteella kiinteist\u00f6kannalle lasketaan ominaisj\u00e4tekertym\u00e4 (kg\/huoneistoneli\u00f6metri).<\/span><\/p>\n<p class=\"p2\"><span class=\"s1\">Senaatti-kiinteist\u00f6jen yll\u00e4pit\u00e4mien kohteiden kokonaisj\u00e4tem\u00e4\u00e4r\u00e4 lasketaan suhteuttamalla ker\u00e4tyt j\u00e4tetiedot ja niit\u00e4 vastaavat huoneistoalatiedot varmennettuun kokonaishuoneistoalatietoon. J\u00e4telaskennan pinta-alatietona k\u00e4ytet\u00e4\u00e4n huoneistoalaa, sill\u00e4 sen arvioidaan kuvaavan parhaiten tilojen k\u00e4yt\u00f6n ja j\u00e4tem\u00e4\u00e4rien suhdetta. Vuoden 2019 laskennassa k\u00e4ytettiin varmennettua Senaatti-kiinteist\u00f6jen tilinp\u00e4\u00e4t\u00f6ksen mukaista kokonaishuoneistoalaa. Tilinp\u00e4\u00e4t\u00f6ksen tietojen mukaiset huoneistoalat poikkeavat alueesta riippuen j\u00e4tetietojen keruun yhteydess\u00e4 ilmoitetuista alueellisista huoneistoaloista. Koonnin piiriss\u00e4 saattaa siis olla kiinteist\u00f6j\u00e4, jotka eiv\u00e4t siihen todellisuudessa kuuluisi, koonnissa saattaa esiinty\u00e4 puutteita tai koonnin piirist\u00e4 on poistunut kiinteist\u00f6j\u00e4 kiinteist\u00f6kauppojen seurauksena. T\u00e4t\u00e4 virhett\u00e4 on korjattu laventamalla tai supistamalla alueellisesti ilmoitetut j\u00e4tem\u00e4\u00e4r\u00e4t todellisen alueellisen huoneistoalatiedon avulla.<\/span><\/p>\n<p class=\"p2\"><span class=\"s1\">Vuonna 2019 hy\u00f6tyk\u00e4ytt\u00f6asteisiin vaikuttivat oletukset, ett\u00e4 erillisker\u00e4tty kartonki, pahvi, paperi, metalli, lasi ja erillisker\u00e4tty muovi oletettiin hy\u00f6tyk\u00e4ytett\u00e4v\u00e4n materiaalina. Energiaj\u00e4te sek\u00e4 sekaj\u00e4te p\u00e4\u00e4tyv\u00e4t Suomessa l\u00e4hinn\u00e4 energiahy\u00f6tyk\u00e4ytt\u00f6\u00f6n, joten my\u00f6s laskennassa n\u00e4in oletettiin tapahtuvan, ellei j\u00e4teurakoitsijoilta saatu tarkempaa tietoa. Bioj\u00e4te oletettiin aina hy\u00f6dynnett\u00e4v\u00e4n materiaalina tai energiana. Erityisj\u00e4teluokkaan kuuluvien s\u00e4hk\u00f6elektroniikkaromun sek\u00e4 lietteiden hy\u00f6tyk\u00e4ytt\u00f6 m\u00e4\u00e4ritettiin ilmoitetun mukaisesti tai jos hy\u00f6tyk\u00e4ytt\u00f6tapaa ei oltu ilmoitettu, j\u00e4tteenk\u00e4sittelytavaksi valittiin tuntematon. Vaarallisen j\u00e4tteen sek\u00e4 tietosuojaj\u00e4tteen hy\u00f6tyk\u00e4ytt\u00f6 noudatti samaa periaatetta. Muovi-, pakkaus- sek\u00e4 puuj\u00e4te sis\u00e4llytettiin luokkaan \u2019muut\u2019 ja ne on oletettu hy\u00f6tyk\u00e4ytett\u00e4v\u00e4ksi ilmoitettujen hy\u00f6tyk\u00e4ytt\u00f6menetelmien mukaisesti joko energiana ja materiaalina.<\/span><\/p>\n<h3 class=\"p2\"><span class=\"s1\">Ty\u00f6matkap\u00e4\u00e4st\u00f6jen laskenta<\/span><\/h3>\n<p class=\"p2\"><span class=\"s1\">Ty\u00f6suhdeautojen k\u00e4yt\u00f6st\u00e4 syntyv\u00e4t kasvihuonekaasup\u00e4\u00e4st\u00f6t on laskettu Senaatti-kiinteist\u00f6jen leasing\u2013kumppanin toimittamien ajoneuvokohtaisten hiilidioksidin p\u00e4\u00e4st\u00f6kertoimien sek\u00e4 henkil\u00f6kilometritietojen perusteella.<\/span><\/p>\n<p class=\"p2\"><span class=\"s1\">Ty\u00f6matkoihin k\u00e4ytettyjen muiden (henkil\u00f6kunnan omien) henkil\u00f6autojen ajokilometrit perustuvat Senaatti-kiinteist\u00f6jen matkakulukorvausj\u00e4rjestelm\u00e4n tietoihin. P\u00e4\u00e4st\u00f6kertoimina k\u00e4ytettiin n\u00e4iden osalta VTT:n yll\u00e4pit\u00e4m\u00e4n LIPASTO-tietokannan keskim\u00e4\u00e4r\u00e4isi\u00e4 suomalaisen henkil\u00f6autoliikenteen hiilidioksidin p\u00e4\u00e4st\u00f6kertoimia, jotka perustuvat keskim\u00e4\u00e4r\u00e4isiin ajosuoritteisiin ja ajoneuvotyyppeihin (151 gCO<\/span><span class=\"s7\"><sub>2<\/sub><\/span><span class=\"s1\">\/km).<\/span><\/p>\n<p class=\"p2\"><span class=\"s1\">Lentoliikenteen vastaavat henkil\u00f6kilometrit sek\u00e4 hiilidioksidip\u00e4\u00e4st\u00f6tiedot saatiin suoraan Senaatti-kiinteist\u00f6jen matkanj\u00e4rjest\u00e4j\u00e4n toimittamasta raportista, jossa on eritelty Senaatti-kiinteist\u00f6jen henkil\u00f6st\u00f6n lentomatkustustiedot vuodelta 2019.<\/span><\/p>\n<p class=\"p2\"><span class=\"s1\">Senaatti-kiinteist\u00f6jen henkil\u00f6st\u00f6n raideliikenteell\u00e4 tekemien ty\u00f6matkojen henkil\u00f6<\/span><\/p>\n<p class=\"p2\"><span class=\"s1\">kilometrit perustuvat VR:n toimittamaan vuoden 2019 kilometriraporttiin. P\u00e4\u00e4st\u00f6kertoimena k\u00e4ytettiin LIPASTO-tietokannassa ilmoitettujen Suomen rautateiden henkil\u00f6liikenteen Intercity- ja Pendolino-junien keskim\u00e4\u00e4r\u00e4isten hiilidioksidin p\u00e4\u00e4st\u00f6kertoimien keskiarvoa (19,5 gCO<\/span><span class=\"s7\"><sub>2<\/sub><\/span><span class=\"s1\">\/hkm).<\/span><\/p>\n","protected":false},"excerpt":{"rendered":"<p>Senaatti-kiinteist\u00f6jen yhteiskuntavastuuraportti on verkkojulkaisu. Raportti kattaa Senaatti-kiinteist\u00f6jen koko toiminnan maantieteellisesti ja toimialoittain. Mukana eiv\u00e4t ole Senaatti-kiinteist\u00f6jen tyt\u00e4ryhti\u00f6t, joiden osuus liikelaitoskonsernista on hyvin pieni. T\u00e4m\u00e4 on Senaatti-kiinteist\u00f6jen 18. vuosittainen yhteiskuntavastuuraportti. Siin\u00e4 kuvataan Senaatti-kiinteist\u00f6jen toiminnan sosiaaliset, taloudelliset ja ymp\u00e4rist\u00f6vaikutukset tilikaudelta 1.1.\u201331.12.2019 sek\u00e4 Senaatti-kiinteist\u00f6jen strategia ja pysyv\u00e4t johtamisen k\u00e4yt\u00e4nn\u00f6t toiminnan vaikutusten hallitsemiseksi. Lis\u00e4ksi raportti k\u00e4sittelee Senaatti-kiinteist\u00f6jen toimintaymp\u00e4rist\u00f6\u00e4 ja [&hellip;]<\/p>\n","protected":false},"author":11,"featured_media":0,"parent":121,"menu_order":10,"comment_status":"closed","ping_status":"closed","template":"","meta":{"_acf_changed":false,"footnotes":""},"class_list":["post-936","page","type-page","status-publish","hentry"],"acf":[],"yoast_head":"<!-- This site is optimized with the Yoast SEO plugin v23.9 - https:\/\/yoast.com\/wordpress\/plugins\/seo\/ -->\n<title>Raportointiperiaatteet - 2019 - yhteiskuntavastuuraportti<\/title>\n<meta name=\"description\" content=\"Senaatti-kiinteist\u00f6jen yhteiskuntavastuuraportti on verkkojulkaisu. Raportti kattaa Senaatti-kiinteist\u00f6jen koko toiminnan maantieteellisesti ja\" \/>\n<meta name=\"robots\" content=\"index, follow, max-snippet:-1, max-image-preview:large, max-video-preview:-1\" \/>\n<link rel=\"canonical\" href=\"https:\/\/www.senaatti.fi\/yhteiskuntavastuuraportti2019\/gri\/raportointiperiaatteet\/\" \/>\n<meta property=\"og:locale\" content=\"en_US\" \/>\n<meta property=\"og:type\" content=\"article\" \/>\n<meta property=\"og:title\" content=\"Raportointiperiaatteet - 2019 - yhteiskuntavastuuraportti\" \/>\n<meta property=\"og:description\" content=\"Senaatti-kiinteist\u00f6jen yhteiskuntavastuuraportti on verkkojulkaisu. Raportti kattaa Senaatti-kiinteist\u00f6jen koko toiminnan maantieteellisesti ja\" \/>\n<meta property=\"og:url\" content=\"https:\/\/www.senaatti.fi\/yhteiskuntavastuuraportti2019\/gri\/raportointiperiaatteet\/\" \/>\n<meta property=\"og:site_name\" content=\"2019 - yhteiskuntavastuuraportti\" \/>\n<meta property=\"article:modified_time\" content=\"2020-09-10T07:11:24+00:00\" \/>\n<meta name=\"twitter:card\" content=\"summary_large_image\" \/>\n<meta name=\"twitter:label1\" content=\"Est. reading time\" \/>\n\t<meta name=\"twitter:data1\" content=\"13 minutes\" \/>\n<script type=\"application\/ld+json\" class=\"yoast-schema-graph\">{\"@context\":\"https:\/\/schema.org\",\"@graph\":[{\"@type\":\"WebPage\",\"@id\":\"https:\/\/www.senaatti.fi\/yhteiskuntavastuuraportti2019\/gri\/raportointiperiaatteet\/\",\"url\":\"https:\/\/www.senaatti.fi\/yhteiskuntavastuuraportti2019\/gri\/raportointiperiaatteet\/\",\"name\":\"Raportointiperiaatteet - 2019 - yhteiskuntavastuuraportti\",\"isPartOf\":{\"@id\":\"https:\/\/www.senaatti.fi\/yhteiskuntavastuuraportti2019\/#website\"},\"datePublished\":\"2018-04-05T08:12:22+00:00\",\"dateModified\":\"2020-09-10T07:11:24+00:00\",\"description\":\"Senaatti-kiinteist\u00f6jen yhteiskuntavastuuraportti on verkkojulkaisu. Raportti kattaa Senaatti-kiinteist\u00f6jen koko toiminnan maantieteellisesti ja\",\"breadcrumb\":{\"@id\":\"https:\/\/www.senaatti.fi\/yhteiskuntavastuuraportti2019\/gri\/raportointiperiaatteet\/#breadcrumb\"},\"inLanguage\":\"en-US\",\"potentialAction\":[{\"@type\":\"ReadAction\",\"target\":[\"https:\/\/www.senaatti.fi\/yhteiskuntavastuuraportti2019\/gri\/raportointiperiaatteet\/\"]}]},{\"@type\":\"BreadcrumbList\",\"@id\":\"https:\/\/www.senaatti.fi\/yhteiskuntavastuuraportti2019\/gri\/raportointiperiaatteet\/#breadcrumb\",\"itemListElement\":[{\"@type\":\"ListItem\",\"position\":1,\"name\":\"Home\",\"item\":\"https:\/\/www.senaatti.fi\/yhteiskuntavastuuraportti2019\/\"},{\"@type\":\"ListItem\",\"position\":2,\"name\":\"GRI\",\"item\":\"https:\/\/www.senaatti.fi\/yhteiskuntavastuuraportti2019\/gri\/\"},{\"@type\":\"ListItem\",\"position\":3,\"name\":\"Raportointiperiaatteet\"}]},{\"@type\":\"WebSite\",\"@id\":\"https:\/\/www.senaatti.fi\/yhteiskuntavastuuraportti2019\/#website\",\"url\":\"https:\/\/www.senaatti.fi\/yhteiskuntavastuuraportti2019\/\",\"name\":\"2019 - yhteiskuntavastuuraportti\",\"description\":\"\",\"potentialAction\":[{\"@type\":\"SearchAction\",\"target\":{\"@type\":\"EntryPoint\",\"urlTemplate\":\"https:\/\/www.senaatti.fi\/yhteiskuntavastuuraportti2019\/?s={search_term_string}\"},\"query-input\":{\"@type\":\"PropertyValueSpecification\",\"valueRequired\":true,\"valueName\":\"search_term_string\"}}],\"inLanguage\":\"en-US\"}]}<\/script>\n<!-- \/ Yoast SEO plugin. -->","yoast_head_json":{"title":"Raportointiperiaatteet - 2019 - yhteiskuntavastuuraportti","description":"Senaatti-kiinteist\u00f6jen yhteiskuntavastuuraportti on verkkojulkaisu. Raportti kattaa Senaatti-kiinteist\u00f6jen koko toiminnan maantieteellisesti ja","robots":{"index":"index","follow":"follow","max-snippet":"max-snippet:-1","max-image-preview":"max-image-preview:large","max-video-preview":"max-video-preview:-1"},"canonical":"https:\/\/www.senaatti.fi\/yhteiskuntavastuuraportti2019\/gri\/raportointiperiaatteet\/","og_locale":"en_US","og_type":"article","og_title":"Raportointiperiaatteet - 2019 - yhteiskuntavastuuraportti","og_description":"Senaatti-kiinteist\u00f6jen yhteiskuntavastuuraportti on verkkojulkaisu. Raportti kattaa Senaatti-kiinteist\u00f6jen koko toiminnan maantieteellisesti ja","og_url":"https:\/\/www.senaatti.fi\/yhteiskuntavastuuraportti2019\/gri\/raportointiperiaatteet\/","og_site_name":"2019 - yhteiskuntavastuuraportti","article_modified_time":"2020-09-10T07:11:24+00:00","twitter_card":"summary_large_image","twitter_misc":{"Est. reading time":"13 minutes"},"schema":{"@context":"https:\/\/schema.org","@graph":[{"@type":"WebPage","@id":"https:\/\/www.senaatti.fi\/yhteiskuntavastuuraportti2019\/gri\/raportointiperiaatteet\/","url":"https:\/\/www.senaatti.fi\/yhteiskuntavastuuraportti2019\/gri\/raportointiperiaatteet\/","name":"Raportointiperiaatteet - 2019 - yhteiskuntavastuuraportti","isPartOf":{"@id":"https:\/\/www.senaatti.fi\/yhteiskuntavastuuraportti2019\/#website"},"datePublished":"2018-04-05T08:12:22+00:00","dateModified":"2020-09-10T07:11:24+00:00","description":"Senaatti-kiinteist\u00f6jen yhteiskuntavastuuraportti on verkkojulkaisu. Raportti kattaa Senaatti-kiinteist\u00f6jen koko toiminnan maantieteellisesti ja","breadcrumb":{"@id":"https:\/\/www.senaatti.fi\/yhteiskuntavastuuraportti2019\/gri\/raportointiperiaatteet\/#breadcrumb"},"inLanguage":"en-US","potentialAction":[{"@type":"ReadAction","target":["https:\/\/www.senaatti.fi\/yhteiskuntavastuuraportti2019\/gri\/raportointiperiaatteet\/"]}]},{"@type":"BreadcrumbList","@id":"https:\/\/www.senaatti.fi\/yhteiskuntavastuuraportti2019\/gri\/raportointiperiaatteet\/#breadcrumb","itemListElement":[{"@type":"ListItem","position":1,"name":"Home","item":"https:\/\/www.senaatti.fi\/yhteiskuntavastuuraportti2019\/"},{"@type":"ListItem","position":2,"name":"GRI","item":"https:\/\/www.senaatti.fi\/yhteiskuntavastuuraportti2019\/gri\/"},{"@type":"ListItem","position":3,"name":"Raportointiperiaatteet"}]},{"@type":"WebSite","@id":"https:\/\/www.senaatti.fi\/yhteiskuntavastuuraportti2019\/#website","url":"https:\/\/www.senaatti.fi\/yhteiskuntavastuuraportti2019\/","name":"2019 - yhteiskuntavastuuraportti","description":"","potentialAction":[{"@type":"SearchAction","target":{"@type":"EntryPoint","urlTemplate":"https:\/\/www.senaatti.fi\/yhteiskuntavastuuraportti2019\/?s={search_term_string}"},"query-input":{"@type":"PropertyValueSpecification","valueRequired":true,"valueName":"search_term_string"}}],"inLanguage":"en-US"}]}},"_links":{"self":[{"href":"https:\/\/www.senaatti.fi\/yhteiskuntavastuuraportti2019\/wp-json\/wp\/v2\/pages\/936","targetHints":{"allow":["GET"]}}],"collection":[{"href":"https:\/\/www.senaatti.fi\/yhteiskuntavastuuraportti2019\/wp-json\/wp\/v2\/pages"}],"about":[{"href":"https:\/\/www.senaatti.fi\/yhteiskuntavastuuraportti2019\/wp-json\/wp\/v2\/types\/page"}],"author":[{"embeddable":true,"href":"https:\/\/www.senaatti.fi\/yhteiskuntavastuuraportti2019\/wp-json\/wp\/v2\/users\/11"}],"replies":[{"embeddable":true,"href":"https:\/\/www.senaatti.fi\/yhteiskuntavastuuraportti2019\/wp-json\/wp\/v2\/comments?post=936"}],"version-history":[{"count":11,"href":"https:\/\/www.senaatti.fi\/yhteiskuntavastuuraportti2019\/wp-json\/wp\/v2\/pages\/936\/revisions"}],"predecessor-version":[{"id":3398,"href":"https:\/\/www.senaatti.fi\/yhteiskuntavastuuraportti2019\/wp-json\/wp\/v2\/pages\/936\/revisions\/3398"}],"up":[{"embeddable":true,"href":"https:\/\/www.senaatti.fi\/yhteiskuntavastuuraportti2019\/wp-json\/wp\/v2\/pages\/121"}],"wp:attachment":[{"href":"https:\/\/www.senaatti.fi\/yhteiskuntavastuuraportti2019\/wp-json\/wp\/v2\/media?parent=936"}],"curies":[{"name":"wp","href":"https:\/\/api.w.org\/{rel}","templated":true}]}}